{"id":22,"date":"2026-03-03T10:36:10","date_gmt":"2026-03-03T09:36:10","guid":{"rendered":"https:\/\/creixerjoancarles.com\/?page_id=22"},"modified":"2026-03-09T17:16:02","modified_gmt":"2026-03-09T16:16:02","slug":"ambito-educativo","status":"publish","type":"page","link":"https:\/\/creixerjoancarles.com\/ca\/ambito-educativo\/","title":{"rendered":"\u00c0mbit educatiu"},"content":{"rendered":"<div data-elementor-type=\"wp-page\" data-elementor-id=\"22\" class=\"elementor elementor-22\" data-elementor-post-type=\"page\">\n\t\t\t\t<div class=\"elementor-element elementor-element-ffb4a32 e-flex e-con-boxed e-con e-parent\" data-id=\"ffb4a32\" data-element_type=\"container\" data-e-type=\"container\" data-settings=\"{&quot;background_background&quot;:&quot;classic&quot;}\">\n\t\t\t\t\t<div class=\"e-con-inner\">\n\t\t\t\t<div class=\"elementor-element elementor-element-09bf893 elementor-hidden-mobile elementor-widget elementor-widget-heading\" data-id=\"09bf893\" data-element_type=\"widget\" data-e-type=\"widget\" data-widget_type=\"heading.default\">\n\t\t\t\t\t<h1 class=\"elementor-heading-title elementor-size-default\">\u00c0mbit educatiu<\/h1>\t\t\t\t<\/div>\n\t\t\t\t<div class=\"elementor-element elementor-element-2033a7d elementor-hidden-desktop elementor-hidden-tablet elementor-widget elementor-widget-heading\" data-id=\"2033a7d\" data-element_type=\"widget\" data-e-type=\"widget\" data-widget_type=\"heading.default\">\n\t\t\t\t\t<h1 class=\"elementor-heading-title elementor-size-default\">\u00c1mbito<br> educativo<\/h1>\t\t\t\t<\/div>\n\t\t\t\t<div class=\"elementor-element elementor-element-62d5ab2 elementor-widget elementor-widget-image\" data-id=\"62d5ab2\" data-element_type=\"widget\" data-e-type=\"widget\" data-widget_type=\"image.default\">\n\t\t\t\t\t\t\t\t\t\t\t\t\t\t\t<img decoding=\"async\" width=\"200\" height=\"100\" src=\"https:\/\/creixerjoancarles.com\/wp-content\/uploads\/2026\/03\/Diseno-sin-titulo-14-4.webp\" class=\"attachment-large size-large wp-image-148\" alt=\"\" srcset=\"https:\/\/creixerjoancarles.com\/wp-content\/uploads\/2026\/03\/Diseno-sin-titulo-14-4.webp 200w, https:\/\/creixerjoancarles.com\/wp-content\/uploads\/2026\/03\/Diseno-sin-titulo-14-4-18x9.webp 18w\" sizes=\"(max-width: 200px) 100vw, 200px\" \/>\t\t\t\t\t\t\t\t\t\t\t\t\t\t\t<\/div>\n\t\t\t\t\t<\/div>\n\t\t\t\t<\/div>\n\t\t<div class=\"elementor-element elementor-element-ff0f393 e-flex e-con-boxed e-con e-parent\" data-id=\"ff0f393\" data-element_type=\"container\" data-e-type=\"container\">\n\t\t\t\t\t<div class=\"e-con-inner\">\n\t\t<div class=\"elementor-element elementor-element-5ba03d5 e-con-full e-flex e-con e-child\" data-id=\"5ba03d5\" data-element_type=\"container\" data-e-type=\"container\">\n\t\t\t\t<div class=\"elementor-element elementor-element-a4fa1a0 elementor-widget elementor-widget-image\" data-id=\"a4fa1a0\" data-element_type=\"widget\" data-e-type=\"widget\" data-widget_type=\"image.default\">\n\t\t\t\t\t\t\t\t\t\t\t\t\t\t\t<img fetchpriority=\"high\" decoding=\"async\" width=\"800\" height=\"601\" src=\"https:\/\/creixerjoancarles.com\/wp-content\/uploads\/2026\/03\/WhatsApp-Image-2026-03-09-at-17.07.01.webp\" class=\"attachment-large size-large wp-image-600\" alt=\"\" srcset=\"https:\/\/creixerjoancarles.com\/wp-content\/uploads\/2026\/03\/WhatsApp-Image-2026-03-09-at-17.07.01.webp 992w, https:\/\/creixerjoancarles.com\/wp-content\/uploads\/2026\/03\/WhatsApp-Image-2026-03-09-at-17.07.01-300x225.webp 300w, https:\/\/creixerjoancarles.com\/wp-content\/uploads\/2026\/03\/WhatsApp-Image-2026-03-09-at-17.07.01-768x577.webp 768w, https:\/\/creixerjoancarles.com\/wp-content\/uploads\/2026\/03\/WhatsApp-Image-2026-03-09-at-17.07.01-16x12.webp 16w\" sizes=\"(max-width: 800px) 100vw, 800px\" \/>\t\t\t\t\t\t\t\t\t\t\t\t\t\t\t<\/div>\n\t\t\t\t<\/div>\n\t\t<div class=\"elementor-element elementor-element-52ed6b5 e-con-full e-flex e-con e-child\" data-id=\"52ed6b5\" data-element_type=\"container\" data-e-type=\"container\">\n\t\t\t\t<div class=\"elementor-element elementor-element-2ca0c9b elementor-widget elementor-widget-heading\" data-id=\"2ca0c9b\" data-element_type=\"widget\" data-e-type=\"widget\" data-widget_type=\"heading.default\">\n\t\t\t\t\t<h2 class=\"elementor-heading-title elementor-size-default\">Confer\u00e8ncies i formacions per a centres educatius<\/h2>\t\t\t\t<\/div>\n\t\t\t\t<div class=\"elementor-element elementor-element-47ca447 elementor-widget-divider--view-line elementor-widget elementor-widget-divider\" data-id=\"47ca447\" data-element_type=\"widget\" data-e-type=\"widget\" data-widget_type=\"divider.default\">\n\t\t\t\t\t\t\t<div class=\"elementor-divider\">\n\t\t\t<span class=\"elementor-divider-separator\">\n\t\t\t\t\t\t<\/span>\n\t\t<\/div>\n\t\t\t\t\t\t<\/div>\n\t\t\t\t<div class=\"elementor-element elementor-element-6451721 elementor-widget elementor-widget-text-editor\" data-id=\"6451721\" data-element_type=\"widget\" data-e-type=\"widget\" data-widget_type=\"text-editor.default\">\n\t\t\t\t\t\t\t\t\t<p data-start=\"450\" data-end=\"663\">Al llarg de la meva traject\u00f2ria he treballat amb centres educatius de diferents nivells, acompanyant alumnes, docents i fam\u00edlies en temes relacionats amb l\u2019adolesc\u00e8ncia, l\u2019educaci\u00f3 emocional i la conviv\u00e8ncia.<\/p><p data-start=\"665\" data-end=\"875\">Les confer\u00e8ncies i formacions que imparteixo en l\u2019\u00e0mbit educatiu busquen oferir eines pr\u00e0ctiques per comprendre millor els processos educatius i millorar la comunicaci\u00f3 entre escola, fam\u00edlia i societat.<\/p><p data-start=\"1248\" data-end=\"1409\">Les sessions que imparteixo estan pensades per generar espais de reflexi\u00f3, aportar idees pr\u00e0ctiques i facilitar el di\u00e0leg entre alumnes, fam\u00edlies i professorat.<\/p><p data-start=\"1411\" data-end=\"1664\">L\u2019educaci\u00f3 \u00e9s un proc\u00e9s complex en qu\u00e8 intervenen molts factors i, per aix\u00f2, \u00e9s fonamental abordar no nom\u00e9s els continguts acad\u00e8mics, sin\u00f3 tamb\u00e9 les relacions humanes, la gesti\u00f3 emocional i la conviv\u00e8ncia dins l\u2019entorn educatiu.<\/p>\t\t\t\t\t\t\t\t<\/div>\n\t\t\t\t<\/div>\n\t\t\t\t\t<\/div>\n\t\t\t\t<\/div>\n\t\t<div class=\"elementor-element elementor-element-c666329 e-flex e-con-boxed e-con e-parent\" data-id=\"c666329\" data-element_type=\"container\" data-e-type=\"container\" data-settings=\"{&quot;background_background&quot;:&quot;classic&quot;}\">\n\t\t\t\t\t<div class=\"e-con-inner\">\n\t\t\t\t<div class=\"elementor-element elementor-element-dd9a0e4 elementor-widget elementor-widget-heading\" data-id=\"dd9a0e4\" data-element_type=\"widget\" data-e-type=\"widget\" data-widget_type=\"heading.default\">\n\t\t\t\t\t<h3 class=\"elementor-heading-title elementor-size-default\">Alguns temes que abordo en l\u2019\u00e0mbit educatiu<\/h3>\t\t\t\t<\/div>\n\t\t\t\t<div class=\"elementor-element elementor-element-9de4ca1 elementor-widget-divider--view-line elementor-widget elementor-widget-divider\" data-id=\"9de4ca1\" data-element_type=\"widget\" data-e-type=\"widget\" data-widget_type=\"divider.default\">\n\t\t\t\t\t\t\t<div class=\"elementor-divider\">\n\t\t\t<span class=\"elementor-divider-separator\">\n\t\t\t\t\t\t<\/span>\n\t\t<\/div>\n\t\t\t\t\t\t<\/div>\n\t\t<div class=\"elementor-element elementor-element-e205328 e-grid e-con-full e-con e-child\" data-id=\"e205328\" data-element_type=\"container\" data-e-type=\"container\" data-settings=\"{&quot;background_background&quot;:&quot;classic&quot;}\">\n\t\t\t\t<div class=\"elementor-element elementor-element-2234409 elementor-widget elementor-widget-heading\" data-id=\"2234409\" data-element_type=\"widget\" data-e-type=\"widget\" data-widget_type=\"heading.default\">\n\t\t\t\t\t<h2 class=\"elementor-heading-title elementor-size-default\">Adolesc\u00e8ncia: comprendre una etapa complexa<\/h2>\t\t\t\t<\/div>\n\t\t\t\t<div class=\"elementor-element elementor-element-5c6fc1f elementor-widget elementor-widget-heading\" data-id=\"5c6fc1f\" data-element_type=\"widget\" data-e-type=\"widget\" data-widget_type=\"heading.default\">\n\t\t\t\t\t<h2 class=\"elementor-heading-title elementor-size-default\">La comunicaci\u00f3 entre pares i fills<\/h2>\t\t\t\t<\/div>\n\t\t\t\t<div class=\"elementor-element elementor-element-d5e4410 elementor-widget elementor-widget-heading\" data-id=\"d5e4410\" data-element_type=\"widget\" data-e-type=\"widget\" data-widget_type=\"heading.default\">\n\t\t\t\t\t<h2 class=\"elementor-heading-title elementor-size-default\">L\u00edmits i responsabilitat en l\u2019educaci\u00f3<\/h2>\t\t\t\t<\/div>\n\t\t\t\t<div class=\"elementor-element elementor-element-a1d718d elementor-widget elementor-widget-heading\" data-id=\"a1d718d\" data-element_type=\"widget\" data-e-type=\"widget\" data-widget_type=\"heading.default\">\n\t\t\t\t\t<h2 class=\"elementor-heading-title elementor-size-default\">Educaci\u00f3 emocional<\/h2>\t\t\t\t<\/div>\n\t\t\t\t<div class=\"elementor-element elementor-element-e65250f elementor-widget elementor-widget-heading\" data-id=\"e65250f\" data-element_type=\"widget\" data-e-type=\"widget\" data-widget_type=\"heading.default\">\n\t\t\t\t\t<h2 class=\"elementor-heading-title elementor-size-default\">El paper de la fam\u00edlia en el desenvolupament personal<\/h2>\t\t\t\t<\/div>\n\t\t\t\t<div class=\"elementor-element elementor-element-aae050a elementor-widget elementor-widget-heading\" data-id=\"aae050a\" data-element_type=\"widget\" data-e-type=\"widget\" data-widget_type=\"heading.default\">\n\t\t\t\t\t<h2 class=\"elementor-heading-title elementor-size-default\">Motivaci\u00f3 i actitud davant l\u2019aprenentatge<\/h2>\t\t\t\t<\/div>\n\t\t\t\t<div class=\"elementor-element elementor-element-0bf5527 elementor-widget elementor-widget-heading\" data-id=\"0bf5527\" data-element_type=\"widget\" data-e-type=\"widget\" data-widget_type=\"heading.default\">\n\t\t\t\t\t<h2 class=\"elementor-heading-title elementor-size-default\">Relacions entre escola i fam\u00edlia<\/h2>\t\t\t\t<\/div>\n\t\t\t\t<div class=\"elementor-element elementor-element-5a46746 elementor-widget elementor-widget-heading\" data-id=\"5a46746\" data-element_type=\"widget\" data-e-type=\"widget\" data-widget_type=\"heading.default\">\n\t\t\t\t\t<h2 class=\"elementor-heading-title elementor-size-default\">Presa de decisions en els joves<\/h2>\t\t\t\t<\/div>\n\t\t\t\t<\/div>\n\t\t\t\t\t<\/div>\n\t\t\t\t<\/div>\n\t\t<div class=\"elementor-element elementor-element-c440988 e-flex e-con-boxed e-con e-parent\" data-id=\"c440988\" data-element_type=\"container\" data-e-type=\"container\">\n\t\t\t\t\t<div class=\"e-con-inner\">\n\t\t<div class=\"elementor-element elementor-element-0c88107 e-con-full e-flex e-con e-child\" data-id=\"0c88107\" data-element_type=\"container\" data-e-type=\"container\" data-settings=\"{&quot;background_background&quot;:&quot;classic&quot;}\">\n\t\t\t\t<div class=\"elementor-element elementor-element-8e8d968 elementor-position-top elementor-widget elementor-widget-image-box\" data-id=\"8e8d968\" data-element_type=\"widget\" data-e-type=\"widget\" data-widget_type=\"image-box.default\">\n\t\t\t\t\t<div class=\"elementor-image-box-wrapper\"><figure class=\"elementor-image-box-img\"><img decoding=\"async\" width=\"300\" height=\"300\" src=\"https:\/\/creixerjoancarles.com\/wp-content\/uploads\/2026\/03\/29.webp\" class=\"attachment-full size-full wp-image-252\" alt=\"\" srcset=\"https:\/\/creixerjoancarles.com\/wp-content\/uploads\/2026\/03\/29.webp 300w, https:\/\/creixerjoancarles.com\/wp-content\/uploads\/2026\/03\/29-150x150.webp 150w, https:\/\/creixerjoancarles.com\/wp-content\/uploads\/2026\/03\/29-12x12.webp 12w\" sizes=\"(max-width: 300px) 100vw, 300px\" \/><\/figure><div class=\"elementor-image-box-content\"><h3 class=\"elementor-image-box-title\">Xerrades dirigides a l\u2019alumnat<\/h3><\/div><\/div>\t\t\t\t<\/div>\n\t\t\t\t<div class=\"elementor-element elementor-element-b2d3c21 elementor-widget elementor-widget-text-editor\" data-id=\"b2d3c21\" data-element_type=\"widget\" data-e-type=\"widget\" data-widget_type=\"text-editor.default\">\n\t\t\t\t\t\t\t\t\t<p data-start=\"1762\" data-end=\"1938\">Les xerrades dirigides a alumnes aborden temes relacionats amb el creixement personal, la presa de decisions, la responsabilitat i la construcci\u00f3 del propi projecte de vida.<\/p><p data-start=\"1940\" data-end=\"2157\">L\u2019objectiu \u00e9s ajudar els joves a reflexionar sobre la seva realitat, comprendre millor el moment vital que travessen i adquirir eines que els permetin afrontar amb m\u00e9s seguretat els reptes de l\u2019adolesc\u00e8ncia.<\/p><p data-start=\"2159\" data-end=\"2255\">Les sessions es desenvolupen amb un llenguatge proper, din\u00e0mic i adaptat a cada etapa educativa.<\/p>\t\t\t\t\t\t\t\t<\/div>\n\t\t\t\t<\/div>\n\t\t<div class=\"elementor-element elementor-element-7cf85e0 e-con-full e-flex e-con e-child\" data-id=\"7cf85e0\" data-element_type=\"container\" data-e-type=\"container\" data-settings=\"{&quot;background_background&quot;:&quot;classic&quot;}\">\n\t\t\t\t<div class=\"elementor-element elementor-element-92ffe43 elementor-position-top elementor-widget elementor-widget-image-box\" data-id=\"92ffe43\" data-element_type=\"widget\" data-e-type=\"widget\" data-widget_type=\"image-box.default\">\n\t\t\t\t\t<div class=\"elementor-image-box-wrapper\"><figure class=\"elementor-image-box-img\"><img loading=\"lazy\" decoding=\"async\" width=\"300\" height=\"300\" src=\"https:\/\/creixerjoancarles.com\/wp-content\/uploads\/2026\/03\/30.webp\" class=\"attachment-full size-full wp-image-250\" alt=\"\" srcset=\"https:\/\/creixerjoancarles.com\/wp-content\/uploads\/2026\/03\/30.webp 300w, https:\/\/creixerjoancarles.com\/wp-content\/uploads\/2026\/03\/30-150x150.webp 150w, https:\/\/creixerjoancarles.com\/wp-content\/uploads\/2026\/03\/30-12x12.webp 12w\" sizes=\"(max-width: 300px) 100vw, 300px\" \/><\/figure><div class=\"elementor-image-box-content\"><h3 class=\"elementor-image-box-title\">Acompanyament a fam\u00edlies<\/h3><\/div><\/div>\t\t\t\t<\/div>\n\t\t\t\t<div class=\"elementor-element elementor-element-8404750 elementor-widget elementor-widget-text-editor\" data-id=\"8404750\" data-element_type=\"widget\" data-e-type=\"widget\" data-widget_type=\"text-editor.default\">\n\t\t\t\t\t\t\t\t\t<p data-start=\"3142\" data-end=\"3227\">L\u2019educaci\u00f3 dels fills planteja preguntes i reptes en cada etapa del creixement.<\/p><p data-start=\"3229\" data-end=\"3434\">Les confer\u00e8ncies dirigides a fam\u00edlies ofereixen un espai de reflexi\u00f3 sobre temes com l\u2019adolesc\u00e8ncia, els l\u00edmits, la comunicaci\u00f3 dins la llar i el paper dels pares en el desenvolupament dels fills.<\/p><p data-start=\"3436\" data-end=\"3585\">A trav\u00e9s d\u2019aquestes sessions es busca aportar eines que ajudin a comprendre millor els joves i a refor\u00e7ar la relaci\u00f3 entre pares i fills.<\/p>\t\t\t\t\t\t\t\t<\/div>\n\t\t\t\t<\/div>\n\t\t<div class=\"elementor-element elementor-element-5057538 e-con-full e-flex e-con e-child\" data-id=\"5057538\" data-element_type=\"container\" data-e-type=\"container\" data-settings=\"{&quot;background_background&quot;:&quot;classic&quot;}\">\n\t\t\t\t<div class=\"elementor-element elementor-element-ff8d495 elementor-position-top elementor-widget elementor-widget-image-box\" data-id=\"ff8d495\" data-element_type=\"widget\" data-e-type=\"widget\" data-widget_type=\"image-box.default\">\n\t\t\t\t\t<div class=\"elementor-image-box-wrapper\"><figure class=\"elementor-image-box-img\"><img loading=\"lazy\" decoding=\"async\" width=\"300\" height=\"300\" src=\"https:\/\/creixerjoancarles.com\/wp-content\/uploads\/2026\/03\/31.webp\" class=\"attachment-full size-full wp-image-251\" alt=\"\" srcset=\"https:\/\/creixerjoancarles.com\/wp-content\/uploads\/2026\/03\/31.webp 300w, https:\/\/creixerjoancarles.com\/wp-content\/uploads\/2026\/03\/31-150x150.webp 150w, https:\/\/creixerjoancarles.com\/wp-content\/uploads\/2026\/03\/31-12x12.webp 12w\" sizes=\"(max-width: 300px) 100vw, 300px\" \/><\/figure><div class=\"elementor-image-box-content\"><h3 class=\"elementor-image-box-title\">Formaci\u00f3 per a docents<\/h3><\/div><\/div>\t\t\t\t<\/div>\n\t\t\t\t<div class=\"elementor-element elementor-element-e78b462 elementor-widget elementor-widget-text-editor\" data-id=\"e78b462\" data-element_type=\"widget\" data-e-type=\"widget\" data-widget_type=\"text-editor.default\">\n\t\t\t\t\t\t\t\t\t<p data-start=\"2559\" data-end=\"2693\">La feina educativa requereix cada vegada m\u00e9s eines per gestionar la diversitat, la comunicaci\u00f3 i les din\u00e0miques dins l\u2019aula.<\/p><p data-start=\"2695\" data-end=\"2910\">Les formacions dirigides a docents i equips directius aborden aspectes relacionats amb la relaci\u00f3 educativa, la gesti\u00f3 de conflictes, la comunicaci\u00f3 amb les fam\u00edlies i l\u2019acompanyament emocional de l\u2019alumnat.<\/p><p data-start=\"2912\" data-end=\"3042\">L\u2019objectiu \u00e9s oferir recursos pr\u00e0ctics que ajudin a refor\u00e7ar la tasca educativa i a millorar el clima dins dels centres.<\/p>\t\t\t\t\t\t\t\t<\/div>\n\t\t\t\t<\/div>\n\t\t\t\t\t<\/div>\n\t\t\t\t<\/div>\n\t\t<div class=\"elementor-element elementor-element-72140c9 e-flex e-con-boxed e-con e-parent\" data-id=\"72140c9\" data-element_type=\"container\" data-e-type=\"container\" data-settings=\"{&quot;background_background&quot;:&quot;classic&quot;}\">\n\t\t\t\t\t<div class=\"e-con-inner\">\n\t\t<div class=\"elementor-element elementor-element-0387826 e-con-full e-flex e-con e-child\" data-id=\"0387826\" data-element_type=\"container\" data-e-type=\"container\">\n\t\t\t\t<div class=\"elementor-element elementor-element-c4b4556 elementor-widget elementor-widget-heading\" data-id=\"c4b4556\" data-element_type=\"widget\" data-e-type=\"widget\" data-widget_type=\"heading.default\">\n\t\t\t\t\t<h4 class=\"elementor-heading-title elementor-size-default\">T\u2019agradaria organitzar una confer\u00e8ncia o formaci\u00f3 al teu centre?<\/h4>\t\t\t\t<\/div>\n\t\t\t\t<div class=\"elementor-element elementor-element-75f45d6 elementor-widget elementor-widget-text-editor\" data-id=\"75f45d6\" data-element_type=\"widget\" data-e-type=\"widget\" data-widget_type=\"text-editor.default\">\n\t\t\t\t\t\t\t\t\t<p>Si formes part d\u2019un centre educatiu o d\u2019una associaci\u00f3 de fam\u00edlies i creus que aquestes formacions poden aportar valor, estar\u00e9 encantat d\u2019escoltar la teva proposta.<\/p>\t\t\t\t\t\t\t\t<\/div>\n\t\t\t\t<div class=\"elementor-element elementor-element-221c3d2 elementor-align-left elementor-widget elementor-widget-button\" data-id=\"221c3d2\" data-element_type=\"widget\" data-e-type=\"widget\" data-widget_type=\"button.default\">\n\t\t\t\t\t\t\t\t\t\t<a class=\"elementor-button elementor-button-link elementor-size-sm\" href=\"https:\/\/creixerjoancarles.com\/ca\/contacto\/\">\n\t\t\t\t\t\t<span class=\"elementor-button-content-wrapper\">\n\t\t\t\t\t\t\t\t\t<span class=\"elementor-button-text\">Parlem<\/span>\n\t\t\t\t\t<\/span>\n\t\t\t\t\t<\/a>\n\t\t\t\t\t\t\t\t<\/div>\n\t\t\t\t<\/div>\n\t\t\t\t\t<\/div>\n\t\t\t\t<\/div>\n\t\t\t\t<\/div>","protected":false},"excerpt":{"rendered":"<p>\u00c1mbito educativo \u00c1mbito educativo Conferencias y formaciones para centros educativos A lo largo de mi trayectoria he trabajado con centros educativos de distintos niveles, acompa\u00f1ando a alumnos, docentes y familias en temas relacionados con la adolescencia, la educaci\u00f3n emocional y la convivencia. Las conferencias y formaciones que imparto en el \u00e1mbito educativo buscan ofrecer herramientas [&hellip;]<\/p>\n","protected":false},"author":2,"featured_media":0,"parent":0,"menu_order":0,"comment_status":"closed","ping_status":"closed","template":"elementor_header_footer","meta":{"_joinchat":[],"footnotes":""},"class_list":["post-22","page","type-page","status-publish","hentry"],"yoast_head":"<!-- This site is optimized with the Yoast SEO plugin v27.1.1 - https:\/\/yoast.com\/product\/yoast-seo-wordpress\/ -->\n<title>\u00c1mbito educativo - CreixerJoanCarles.Com<\/title>\n<meta name=\"robots\" content=\"index, follow, max-snippet:-1, max-image-preview:large, max-video-preview:-1\" \/>\n<link rel=\"canonical\" href=\"https:\/\/creixerjoancarles.com\/ca\/ambito-educativo\/\" \/>\n<meta property=\"og:locale\" content=\"ca_ES\" \/>\n<meta property=\"og:type\" content=\"article\" \/>\n<meta property=\"og:title\" content=\"\u00c1mbito educativo - CreixerJoanCarles.Com\" \/>\n<meta property=\"og:description\" content=\"\u00c1mbito educativo \u00c1mbito educativo Conferencias y formaciones para centros educativos A lo largo de mi trayectoria he trabajado con centros educativos de distintos niveles, acompa\u00f1ando a alumnos, docentes y familias en temas relacionados con la adolescencia, la educaci\u00f3n emocional y la convivencia. Las conferencias y formaciones que imparto en el \u00e1mbito educativo buscan ofrecer herramientas [&hellip;]\" \/>\n<meta property=\"og:url\" content=\"https:\/\/creixerjoancarles.com\/ca\/ambito-educativo\/\" \/>\n<meta property=\"og:site_name\" content=\"CreixerJoanCarles.Com\" \/>\n<meta property=\"article:modified_time\" content=\"2026-03-09T16:16:02+00:00\" \/>\n<meta property=\"og:image\" content=\"https:\/\/creixerjoancarles.com\/wp-content\/uploads\/2026\/03\/Diseno-sin-titulo-14-4.webp\" \/>\n<meta name=\"twitter:card\" content=\"summary_large_image\" \/>\n<meta name=\"twitter:label1\" content=\"Temps estimat de lectura\" \/>\n\t<meta name=\"twitter:data1\" content=\"2 minuts\" \/>\n<script type=\"application\/ld+json\" class=\"yoast-schema-graph\">{\"@context\":\"https:\/\/schema.org\",\"@graph\":[{\"@type\":\"WebPage\",\"@id\":\"https:\/\/creixerjoancarles.com\/ca\/ambito-educativo\/\",\"url\":\"https:\/\/creixerjoancarles.com\/ca\/ambito-educativo\/\",\"name\":\"\u00c1mbito educativo - CreixerJoanCarles.Com\",\"isPartOf\":{\"@id\":\"https:\/\/creixerjoancarles.com\/#website\"},\"primaryImageOfPage\":{\"@id\":\"https:\/\/creixerjoancarles.com\/ca\/ambito-educativo\/#primaryimage\"},\"image\":{\"@id\":\"https:\/\/creixerjoancarles.com\/ca\/ambito-educativo\/#primaryimage\"},\"thumbnailUrl\":\"https:\/\/creixerjoancarles.com\/wp-content\/uploads\/2026\/03\/Diseno-sin-titulo-14-4.webp\",\"datePublished\":\"2026-03-03T09:36:10+00:00\",\"dateModified\":\"2026-03-09T16:16:02+00:00\",\"breadcrumb\":{\"@id\":\"https:\/\/creixerjoancarles.com\/ca\/ambito-educativo\/#breadcrumb\"},\"inLanguage\":\"ca\",\"potentialAction\":[{\"@type\":\"ReadAction\",\"target\":[\"https:\/\/creixerjoancarles.com\/ca\/ambito-educativo\/\"]}]},{\"@type\":\"ImageObject\",\"inLanguage\":\"ca\",\"@id\":\"https:\/\/creixerjoancarles.com\/ca\/ambito-educativo\/#primaryimage\",\"url\":\"https:\/\/creixerjoancarles.com\/wp-content\/uploads\/2026\/03\/Diseno-sin-titulo-14-4.webp\",\"contentUrl\":\"https:\/\/creixerjoancarles.com\/wp-content\/uploads\/2026\/03\/Diseno-sin-titulo-14-4.webp\"},{\"@type\":\"BreadcrumbList\",\"@id\":\"https:\/\/creixerjoancarles.com\/ca\/ambito-educativo\/#breadcrumb\",\"itemListElement\":[{\"@type\":\"ListItem\",\"position\":1,\"name\":\"Portada\",\"item\":\"https:\/\/creixerjoancarles.com\/\"},{\"@type\":\"ListItem\",\"position\":2,\"name\":\"\u00c1mbito educativo\"}]},{\"@type\":\"WebSite\",\"@id\":\"https:\/\/creixerjoancarles.com\/#website\",\"url\":\"https:\/\/creixerjoancarles.com\/\",\"name\":\"CreixerJoanCarles.Com\",\"description\":\"\",\"publisher\":{\"@id\":\"https:\/\/creixerjoancarles.com\/#organization\"},\"potentialAction\":[{\"@type\":\"SearchAction\",\"target\":{\"@type\":\"EntryPoint\",\"urlTemplate\":\"https:\/\/creixerjoancarles.com\/?s={search_term_string}\"},\"query-input\":{\"@type\":\"PropertyValueSpecification\",\"valueRequired\":true,\"valueName\":\"search_term_string\"}}],\"inLanguage\":\"ca\"},{\"@type\":\"Organization\",\"@id\":\"https:\/\/creixerjoancarles.com\/#organization\",\"name\":\"CreixerJoanCarles.Com\",\"url\":\"https:\/\/creixerjoancarles.com\/\",\"logo\":{\"@type\":\"ImageObject\",\"inLanguage\":\"ca\",\"@id\":\"https:\/\/creixerjoancarles.com\/#\/schema\/logo\/image\/\",\"url\":\"https:\/\/creixerjoancarles.com\/wp-content\/uploads\/2026\/03\/image.png\",\"contentUrl\":\"https:\/\/creixerjoancarles.com\/wp-content\/uploads\/2026\/03\/image.png\",\"width\":1188,\"height\":427,\"caption\":\"CreixerJoanCarles.Com\"},\"image\":{\"@id\":\"https:\/\/creixerjoancarles.com\/#\/schema\/logo\/image\/\"}}]}<\/script>\n<!-- \/ Yoast SEO plugin. -->","yoast_head_json":{"title":"\u00c1mbito educativo - CreixerJoanCarles.Com","robots":{"index":"index","follow":"follow","max-snippet":"max-snippet:-1","max-image-preview":"max-image-preview:large","max-video-preview":"max-video-preview:-1"},"canonical":"https:\/\/creixerjoancarles.com\/ca\/ambito-educativo\/","og_locale":"ca_ES","og_type":"article","og_title":"\u00c1mbito educativo - CreixerJoanCarles.Com","og_description":"\u00c1mbito educativo \u00c1mbito educativo Conferencias y formaciones para centros educativos A lo largo de mi trayectoria he trabajado con centros educativos de distintos niveles, acompa\u00f1ando a alumnos, docentes y familias en temas relacionados con la adolescencia, la educaci\u00f3n emocional y la convivencia. Las conferencias y formaciones que imparto en el \u00e1mbito educativo buscan ofrecer herramientas [&hellip;]","og_url":"https:\/\/creixerjoancarles.com\/ca\/ambito-educativo\/","og_site_name":"CreixerJoanCarles.Com","article_modified_time":"2026-03-09T16:16:02+00:00","og_image":[{"url":"https:\/\/creixerjoancarles.com\/wp-content\/uploads\/2026\/03\/Diseno-sin-titulo-14-4.webp","type":"","width":"","height":""}],"twitter_card":"summary_large_image","twitter_misc":{"Temps estimat de lectura":"2 minuts"},"schema":{"@context":"https:\/\/schema.org","@graph":[{"@type":"WebPage","@id":"https:\/\/creixerjoancarles.com\/ca\/ambito-educativo\/","url":"https:\/\/creixerjoancarles.com\/ca\/ambito-educativo\/","name":"\u00c1mbito educativo - CreixerJoanCarles.Com","isPartOf":{"@id":"https:\/\/creixerjoancarles.com\/#website"},"primaryImageOfPage":{"@id":"https:\/\/creixerjoancarles.com\/ca\/ambito-educativo\/#primaryimage"},"image":{"@id":"https:\/\/creixerjoancarles.com\/ca\/ambito-educativo\/#primaryimage"},"thumbnailUrl":"https:\/\/creixerjoancarles.com\/wp-content\/uploads\/2026\/03\/Diseno-sin-titulo-14-4.webp","datePublished":"2026-03-03T09:36:10+00:00","dateModified":"2026-03-09T16:16:02+00:00","breadcrumb":{"@id":"https:\/\/creixerjoancarles.com\/ca\/ambito-educativo\/#breadcrumb"},"inLanguage":"ca","potentialAction":[{"@type":"ReadAction","target":["https:\/\/creixerjoancarles.com\/ca\/ambito-educativo\/"]}]},{"@type":"ImageObject","inLanguage":"ca","@id":"https:\/\/creixerjoancarles.com\/ca\/ambito-educativo\/#primaryimage","url":"https:\/\/creixerjoancarles.com\/wp-content\/uploads\/2026\/03\/Diseno-sin-titulo-14-4.webp","contentUrl":"https:\/\/creixerjoancarles.com\/wp-content\/uploads\/2026\/03\/Diseno-sin-titulo-14-4.webp"},{"@type":"BreadcrumbList","@id":"https:\/\/creixerjoancarles.com\/ca\/ambito-educativo\/#breadcrumb","itemListElement":[{"@type":"ListItem","position":1,"name":"Portada","item":"https:\/\/creixerjoancarles.com\/"},{"@type":"ListItem","position":2,"name":"\u00c1mbito educativo"}]},{"@type":"WebSite","@id":"https:\/\/creixerjoancarles.com\/#website","url":"https:\/\/creixerjoancarles.com\/","name":"CreixerJoanCarles.Com","description":"","publisher":{"@id":"https:\/\/creixerjoancarles.com\/#organization"},"potentialAction":[{"@type":"SearchAction","target":{"@type":"EntryPoint","urlTemplate":"https:\/\/creixerjoancarles.com\/?s={search_term_string}"},"query-input":{"@type":"PropertyValueSpecification","valueRequired":true,"valueName":"search_term_string"}}],"inLanguage":"ca"},{"@type":"Organization","@id":"https:\/\/creixerjoancarles.com\/#organization","name":"CreixerJoanCarles.Com","url":"https:\/\/creixerjoancarles.com\/","logo":{"@type":"ImageObject","inLanguage":"ca","@id":"https:\/\/creixerjoancarles.com\/#\/schema\/logo\/image\/","url":"https:\/\/creixerjoancarles.com\/wp-content\/uploads\/2026\/03\/image.png","contentUrl":"https:\/\/creixerjoancarles.com\/wp-content\/uploads\/2026\/03\/image.png","width":1188,"height":427,"caption":"CreixerJoanCarles.Com"},"image":{"@id":"https:\/\/creixerjoancarles.com\/#\/schema\/logo\/image\/"}}]}},"_links":{"self":[{"href":"https:\/\/creixerjoancarles.com\/ca\/wp-json\/wp\/v2\/pages\/22","targetHints":{"allow":["GET"]}}],"collection":[{"href":"https:\/\/creixerjoancarles.com\/ca\/wp-json\/wp\/v2\/pages"}],"about":[{"href":"https:\/\/creixerjoancarles.com\/ca\/wp-json\/wp\/v2\/types\/page"}],"author":[{"embeddable":true,"href":"https:\/\/creixerjoancarles.com\/ca\/wp-json\/wp\/v2\/users\/2"}],"replies":[{"embeddable":true,"href":"https:\/\/creixerjoancarles.com\/ca\/wp-json\/wp\/v2\/comments?post=22"}],"version-history":[{"count":64,"href":"https:\/\/creixerjoancarles.com\/ca\/wp-json\/wp\/v2\/pages\/22\/revisions"}],"predecessor-version":[{"id":603,"href":"https:\/\/creixerjoancarles.com\/ca\/wp-json\/wp\/v2\/pages\/22\/revisions\/603"}],"wp:attachment":[{"href":"https:\/\/creixerjoancarles.com\/ca\/wp-json\/wp\/v2\/media?parent=22"}],"curies":[{"name":"wp","href":"https:\/\/api.w.org\/{rel}","templated":true}]}}