{"id":24,"date":"2026-03-03T10:36:34","date_gmt":"2026-03-03T09:36:34","guid":{"rendered":"https:\/\/creixerjoancarles.com\/?page_id=24"},"modified":"2026-03-08T21:22:09","modified_gmt":"2026-03-08T20:22:09","slug":"ambito-empresarial","status":"publish","type":"page","link":"https:\/\/creixerjoancarles.com\/ca\/ambito-empresarial\/","title":{"rendered":"\u00c0mbit empresarial"},"content":{"rendered":"<div data-elementor-type=\"wp-page\" data-elementor-id=\"24\" class=\"elementor elementor-24\" data-elementor-post-type=\"page\">\n\t\t\t\t<div class=\"elementor-element elementor-element-4f52f0a e-flex e-con-boxed e-con e-parent\" data-id=\"4f52f0a\" data-element_type=\"container\" data-e-type=\"container\" data-settings=\"{&quot;background_background&quot;:&quot;classic&quot;}\">\n\t\t\t\t\t<div class=\"e-con-inner\">\n\t\t\t\t<div class=\"elementor-element elementor-element-7859dfe elementor-widget elementor-widget-heading\" data-id=\"7859dfe\" data-element_type=\"widget\" data-e-type=\"widget\" data-widget_type=\"heading.default\">\n\t\t\t\t\t<h1 class=\"elementor-heading-title elementor-size-default\">\u00c0mbit empresarial<\/h1>\t\t\t\t<\/div>\n\t\t\t\t<div class=\"elementor-element elementor-element-1822585 elementor-widget elementor-widget-image\" data-id=\"1822585\" data-element_type=\"widget\" data-e-type=\"widget\" data-widget_type=\"image.default\">\n\t\t\t\t\t\t\t\t\t\t\t\t\t\t\t<img decoding=\"async\" width=\"200\" height=\"100\" src=\"https:\/\/creixerjoancarles.com\/wp-content\/uploads\/2026\/03\/Diseno-sin-titulo-14-4.webp\" class=\"attachment-large size-large wp-image-148\" alt=\"\" srcset=\"https:\/\/creixerjoancarles.com\/wp-content\/uploads\/2026\/03\/Diseno-sin-titulo-14-4.webp 200w, https:\/\/creixerjoancarles.com\/wp-content\/uploads\/2026\/03\/Diseno-sin-titulo-14-4-18x9.webp 18w\" sizes=\"(max-width: 200px) 100vw, 200px\" \/>\t\t\t\t\t\t\t\t\t\t\t\t\t\t\t<\/div>\n\t\t\t\t\t<\/div>\n\t\t\t\t<\/div>\n\t\t<div class=\"elementor-element elementor-element-0f16a47 e-flex e-con-boxed e-con e-parent\" data-id=\"0f16a47\" data-element_type=\"container\" data-e-type=\"container\">\n\t\t\t\t\t<div class=\"e-con-inner\">\n\t\t<div class=\"elementor-element elementor-element-ebcf443 e-con-full e-flex e-con e-child\" data-id=\"ebcf443\" data-element_type=\"container\" data-e-type=\"container\">\n\t\t\t\t<div class=\"elementor-element elementor-element-c62e104 elementor-widget elementor-widget-image\" data-id=\"c62e104\" data-element_type=\"widget\" data-e-type=\"widget\" data-widget_type=\"image.default\">\n\t\t\t\t\t\t\t\t\t\t\t\t\t\t\t<img fetchpriority=\"high\" decoding=\"async\" width=\"600\" height=\"450\" src=\"https:\/\/creixerjoancarles.com\/wp-content\/uploads\/2026\/03\/CUzkHInWwAE1QWn.webp\" class=\"attachment-large size-large wp-image-91\" alt=\"\" srcset=\"https:\/\/creixerjoancarles.com\/wp-content\/uploads\/2026\/03\/CUzkHInWwAE1QWn.webp 600w, https:\/\/creixerjoancarles.com\/wp-content\/uploads\/2026\/03\/CUzkHInWwAE1QWn-300x225.webp 300w, https:\/\/creixerjoancarles.com\/wp-content\/uploads\/2026\/03\/CUzkHInWwAE1QWn-16x12.webp 16w\" sizes=\"(max-width: 600px) 100vw, 600px\" \/>\t\t\t\t\t\t\t\t\t\t\t\t\t\t\t<\/div>\n\t\t\t\t<\/div>\n\t\t<div class=\"elementor-element elementor-element-7e5684a e-con-full e-flex e-con e-child\" data-id=\"7e5684a\" data-element_type=\"container\" data-e-type=\"container\">\n\t\t\t\t<div class=\"elementor-element elementor-element-98a86c4 elementor-widget elementor-widget-heading\" data-id=\"98a86c4\" data-element_type=\"widget\" data-e-type=\"widget\" data-widget_type=\"heading.default\">\n\t\t\t\t\t<h2 class=\"elementor-heading-title elementor-size-default\">Lideratge, comunicaci\u00f3 i benestar emocional en les organitzacions<\/h2>\t\t\t\t<\/div>\n\t\t\t\t<div class=\"elementor-element elementor-element-40b5db4 elementor-widget-divider--view-line elementor-widget elementor-widget-divider\" data-id=\"40b5db4\" data-element_type=\"widget\" data-e-type=\"widget\" data-widget_type=\"divider.default\">\n\t\t\t\t\t\t\t<div class=\"elementor-divider\">\n\t\t\t<span class=\"elementor-divider-separator\">\n\t\t\t\t\t\t<\/span>\n\t\t<\/div>\n\t\t\t\t\t\t<\/div>\n\t\t\t\t<div class=\"elementor-element elementor-element-a23e00f elementor-widget elementor-widget-text-editor\" data-id=\"a23e00f\" data-element_type=\"widget\" data-e-type=\"widget\" data-widget_type=\"text-editor.default\">\n\t\t\t\t\t\t\t\t\t<p data-start=\"420\" data-end=\"621\">Les organitzacions estan formades per persones. Per aix\u00f2, el benestar emocional, la comunicaci\u00f3 i la capacitat de lideratge s\u00f3n elements fonamentals per al bon funcionament de qualsevol equip.<\/p><p data-start=\"623\" data-end=\"860\">A trav\u00e9s de confer\u00e8ncies i formacions dirigides a empreses i organitzacions, treballo amb directius i equips professionals per millorar la comunicaci\u00f3, refor\u00e7ar el lideratge i generar entorns laborals m\u00e9s saludables i productius.<\/p>\t\t\t\t\t\t\t\t<\/div>\n\t\t\t\t<\/div>\n\t\t\t\t\t<\/div>\n\t\t\t\t<\/div>\n\t\t<div class=\"elementor-element elementor-element-b16cf50 e-flex e-con-boxed e-con e-parent\" data-id=\"b16cf50\" data-element_type=\"container\" data-e-type=\"container\" data-settings=\"{&quot;background_background&quot;:&quot;classic&quot;}\">\n\t\t\t\t\t<div class=\"e-con-inner\">\n\t\t\t\t<div class=\"elementor-element elementor-element-5431ba8 elementor-widget elementor-widget-heading\" data-id=\"5431ba8\" data-element_type=\"widget\" data-e-type=\"widget\" data-widget_type=\"heading.default\">\n\t\t\t\t\t<h3 class=\"elementor-heading-title elementor-size-default\">Alguns temes que abordo en l\u2019\u00e0mbit empresarial<\/h3>\t\t\t\t<\/div>\n\t\t\t\t<div class=\"elementor-element elementor-element-bbc6c0b elementor-widget-divider--view-line elementor-widget elementor-widget-divider\" data-id=\"bbc6c0b\" data-element_type=\"widget\" data-e-type=\"widget\" data-widget_type=\"divider.default\">\n\t\t\t\t\t\t\t<div class=\"elementor-divider\">\n\t\t\t<span class=\"elementor-divider-separator\">\n\t\t\t\t\t\t<\/span>\n\t\t<\/div>\n\t\t\t\t\t\t<\/div>\n\t\t<div class=\"elementor-element elementor-element-1ffbb5e e-grid e-con-full e-con e-child\" data-id=\"1ffbb5e\" data-element_type=\"container\" data-e-type=\"container\" data-settings=\"{&quot;background_background&quot;:&quot;classic&quot;}\">\n\t\t\t\t<div class=\"elementor-element elementor-element-13b7c56 elementor-widget elementor-widget-heading\" data-id=\"13b7c56\" data-element_type=\"widget\" data-e-type=\"widget\" data-widget_type=\"heading.default\">\n\t\t\t\t\t<h2 class=\"elementor-heading-title elementor-size-default\">Lideratge i gesti\u00f3 d\u2019equips<\/h2>\t\t\t\t<\/div>\n\t\t\t\t<div class=\"elementor-element elementor-element-caafc02 elementor-widget elementor-widget-heading\" data-id=\"caafc02\" data-element_type=\"widget\" data-e-type=\"widget\" data-widget_type=\"heading.default\">\n\t\t\t\t\t<h2 class=\"elementor-heading-title elementor-size-default\">Comunicaci\u00f3 interna en les organitzacions<\/h2>\t\t\t\t<\/div>\n\t\t\t\t<div class=\"elementor-element elementor-element-c3056d0 elementor-widget elementor-widget-heading\" data-id=\"c3056d0\" data-element_type=\"widget\" data-e-type=\"widget\" data-widget_type=\"heading.default\">\n\t\t\t\t\t<h2 class=\"elementor-heading-title elementor-size-default\">Motivaci\u00f3 i comprom\u00eds professional<\/h2>\t\t\t\t<\/div>\n\t\t\t\t<div class=\"elementor-element elementor-element-d87bd5a elementor-widget elementor-widget-heading\" data-id=\"d87bd5a\" data-element_type=\"widget\" data-e-type=\"widget\" data-widget_type=\"heading.default\">\n\t\t\t\t\t<h2 class=\"elementor-heading-title elementor-size-default\">Intel\u00b7lig\u00e8ncia emocional a la feina<\/h2>\t\t\t\t<\/div>\n\t\t\t\t<div class=\"elementor-element elementor-element-8eb6c52 elementor-widget elementor-widget-heading\" data-id=\"8eb6c52\" data-element_type=\"widget\" data-e-type=\"widget\" data-widget_type=\"heading.default\">\n\t\t\t\t\t<h2 class=\"elementor-heading-title elementor-size-default\">Gesti\u00f3 de conflictes<\/h2>\t\t\t\t<\/div>\n\t\t\t\t<div class=\"elementor-element elementor-element-7291dc4 elementor-widget elementor-widget-heading\" data-id=\"7291dc4\" data-element_type=\"widget\" data-e-type=\"widget\" data-widget_type=\"heading.default\">\n\t\t\t\t\t<h2 class=\"elementor-heading-title elementor-size-default\">Benestar emocional en l\u2019entorn laboral<\/h2>\t\t\t\t<\/div>\n\t\t\t\t<div class=\"elementor-element elementor-element-cc2e506 elementor-widget elementor-widget-heading\" data-id=\"cc2e506\" data-element_type=\"widget\" data-e-type=\"widget\" data-widget_type=\"heading.default\">\n\t\t\t\t\t<h2 class=\"elementor-heading-title elementor-size-default\">Cohesi\u00f3 i col\u00b7laboraci\u00f3 entre equips<\/h2>\t\t\t\t<\/div>\n\t\t\t\t<div class=\"elementor-element elementor-element-864edb8 elementor-widget elementor-widget-heading\" data-id=\"864edb8\" data-element_type=\"widget\" data-e-type=\"widget\" data-widget_type=\"heading.default\">\n\t\t\t\t\t<h2 class=\"elementor-heading-title elementor-size-default\">Presa de decisions en entorns complexos<\/h2>\t\t\t\t<\/div>\n\t\t\t\t<\/div>\n\t\t\t\t\t<\/div>\n\t\t\t\t<\/div>\n\t\t<div class=\"elementor-element elementor-element-959abd7 e-flex e-con-boxed e-con e-parent\" data-id=\"959abd7\" data-element_type=\"container\" data-e-type=\"container\">\n\t\t\t\t\t<div class=\"e-con-inner\">\n\t\t<div class=\"elementor-element elementor-element-9aebdf5 e-con-full e-flex e-con e-child\" data-id=\"9aebdf5\" data-element_type=\"container\" data-e-type=\"container\" data-settings=\"{&quot;background_background&quot;:&quot;classic&quot;}\">\n\t\t\t\t<div class=\"elementor-element elementor-element-0c61420 elementor-position-top elementor-widget elementor-widget-image-box\" data-id=\"0c61420\" data-element_type=\"widget\" data-e-type=\"widget\" data-widget_type=\"image-box.default\">\n\t\t\t\t\t<div class=\"elementor-image-box-wrapper\"><figure class=\"elementor-image-box-img\"><img decoding=\"async\" width=\"300\" height=\"300\" src=\"https:\/\/creixerjoancarles.com\/wp-content\/uploads\/2026\/03\/33.webp\" class=\"attachment-full size-full wp-image-317\" alt=\"\" srcset=\"https:\/\/creixerjoancarles.com\/wp-content\/uploads\/2026\/03\/33.webp 300w, https:\/\/creixerjoancarles.com\/wp-content\/uploads\/2026\/03\/33-150x150.webp 150w, https:\/\/creixerjoancarles.com\/wp-content\/uploads\/2026\/03\/33-12x12.webp 12w\" sizes=\"(max-width: 300px) 100vw, 300px\" \/><\/figure><div class=\"elementor-image-box-content\"><h3 class=\"elementor-image-box-title\">Formaci\u00f3 i confer\u00e8ncies per a empreses<\/h3><\/div><\/div>\t\t\t\t<\/div>\n\t\t\t\t<div class=\"elementor-element elementor-element-aa69267 elementor-widget elementor-widget-text-editor\" data-id=\"aa69267\" data-element_type=\"widget\" data-e-type=\"widget\" data-widget_type=\"text-editor.default\">\n\t\t\t\t\t\t\t\t\t<p data-start=\"967\" data-end=\"1149\">Al llarg de la meva traject\u00f2ria he treballat amb diferents organitzacions abordant aspectes relacionats amb la gesti\u00f3 de persones, el lideratge i el benestar dins dels equips.<\/p><p data-start=\"1151\" data-end=\"1406\">En un context laboral cada vegada m\u00e9s complex i exigent, \u00e9s fonamental que les organitzacions incorporin eines que ajudin a millorar la comunicaci\u00f3 interna, refor\u00e7ar la motivaci\u00f3 dels equips i generar entorns de treball m\u00e9s saludables.<\/p><p data-start=\"1408\" data-end=\"1538\">Les formacions que imparteixo combinen reflexi\u00f3, experi\u00e8ncia pr\u00e0ctica i eines aplicables al dia a dia de les organitzacions.<\/p>\t\t\t\t\t\t\t\t<\/div>\n\t\t\t\t<\/div>\n\t\t<div class=\"elementor-element elementor-element-ac60501 e-con-full e-flex e-con e-child\" data-id=\"ac60501\" data-element_type=\"container\" data-e-type=\"container\" data-settings=\"{&quot;background_background&quot;:&quot;classic&quot;}\">\n\t\t\t\t<div class=\"elementor-element elementor-element-633838c elementor-position-top elementor-widget elementor-widget-image-box\" data-id=\"633838c\" data-element_type=\"widget\" data-e-type=\"widget\" data-widget_type=\"image-box.default\">\n\t\t\t\t\t<div class=\"elementor-image-box-wrapper\"><figure class=\"elementor-image-box-img\"><img loading=\"lazy\" decoding=\"async\" width=\"300\" height=\"300\" src=\"https:\/\/creixerjoancarles.com\/wp-content\/uploads\/2026\/03\/typeelementorsiteurlhttpscreixerjoancarles.comwp-jsonelementsid24be026elTypewidgetisInnerfalseisLockedfalsesettingswidthunitsize15sizestextSeparadorweightunitpxsize2.webp\" class=\"attachment-full size-full wp-image-321\" alt=\"\" srcset=\"https:\/\/creixerjoancarles.com\/wp-content\/uploads\/2026\/03\/typeelementorsiteurlhttpscreixerjoancarles.comwp-jsonelementsid24be026elTypewidgetisInnerfalseisLockedfalsesettingswidthunitsize15sizestextSeparadorweightunitpxsize2.webp 300w, https:\/\/creixerjoancarles.com\/wp-content\/uploads\/2026\/03\/typeelementorsiteurlhttpscreixerjoancarles.comwp-jsonelementsid24be026elTypewidgetisInnerfalseisLockedfalsesettingswidthunitsize15sizestextSeparadorweightunitpxsize2-150x150.webp 150w, https:\/\/creixerjoancarles.com\/wp-content\/uploads\/2026\/03\/typeelementorsiteurlhttpscreixerjoancarles.comwp-jsonelementsid24be026elTypewidgetisInnerfalseisLockedfalsesettingswidthunitsize15sizestextSeparadorweightunitpxsize2-12x12.webp 12w\" sizes=\"(max-width: 300px) 100vw, 300px\" \/><\/figure><div class=\"elementor-image-box-content\"><h3 class=\"elementor-image-box-title\">Lideratge i cohesi\u00f3<br> d'equips<\/h3><\/div><\/div>\t\t\t\t<\/div>\n\t\t\t\t<div class=\"elementor-element elementor-element-df0ef82 elementor-widget elementor-widget-text-editor\" data-id=\"df0ef82\" data-element_type=\"widget\" data-e-type=\"widget\" data-widget_type=\"text-editor.default\">\n\t\t\t\t\t\t\t\t\t<p data-start=\"1648\" data-end=\"1772\">El lideratge no consisteix \u00fanicament a dirigir tasques, sin\u00f3 a saber acompanyar les persones que formen part d\u2019un equip.<\/p><p data-start=\"1774\" data-end=\"1960\">Les sessions dirigides a directius i responsables d\u2019equip treballen aspectes com la comunicaci\u00f3, la presa de decisions, la gesti\u00f3 de conflictes i la motivaci\u00f3 dels professionals.<\/p><p data-start=\"1962\" data-end=\"2092\">L\u2019objectiu \u00e9s refor\u00e7ar el lideratge des d\u2019una perspectiva humana, basada en la confian\u00e7a, la responsabilitat i la col\u00b7laboraci\u00f3.<\/p>\t\t\t\t\t\t\t\t<\/div>\n\t\t\t\t<\/div>\n\t\t<div class=\"elementor-element elementor-element-f4680a9 e-con-full e-flex e-con e-child\" data-id=\"f4680a9\" data-element_type=\"container\" data-e-type=\"container\" data-settings=\"{&quot;background_background&quot;:&quot;classic&quot;}\">\n\t\t\t\t<div class=\"elementor-element elementor-element-5c6e8ae elementor-position-top elementor-widget elementor-widget-image-box\" data-id=\"5c6e8ae\" data-element_type=\"widget\" data-e-type=\"widget\" data-widget_type=\"image-box.default\">\n\t\t\t\t\t<div class=\"elementor-image-box-wrapper\"><figure class=\"elementor-image-box-img\"><img loading=\"lazy\" decoding=\"async\" width=\"300\" height=\"300\" src=\"https:\/\/creixerjoancarles.com\/wp-content\/uploads\/2026\/03\/35.webp\" class=\"attachment-full size-full wp-image-315\" alt=\"\" srcset=\"https:\/\/creixerjoancarles.com\/wp-content\/uploads\/2026\/03\/35.webp 300w, https:\/\/creixerjoancarles.com\/wp-content\/uploads\/2026\/03\/35-150x150.webp 150w, https:\/\/creixerjoancarles.com\/wp-content\/uploads\/2026\/03\/35-12x12.webp 12w\" sizes=\"(max-width: 300px) 100vw, 300px\" \/><\/figure><div class=\"elementor-image-box-content\"><h3 class=\"elementor-image-box-title\">Benestar emocional en les organitzacions<\/h3><\/div><\/div>\t\t\t\t<\/div>\n\t\t\t\t<div class=\"elementor-element elementor-element-ab4ee60 elementor-widget elementor-widget-text-editor\" data-id=\"ab4ee60\" data-element_type=\"widget\" data-e-type=\"widget\" data-widget_type=\"text-editor.default\">\n\t\t\t\t\t\t\t\t\t<p data-start=\"2215\" data-end=\"2370\">Cada vegada m\u00e9s empreses comprenen que el benestar emocional dels seus professionals influeix directament en el rendiment, la creativitat i el clima laboral.<\/p><p data-start=\"2372\" data-end=\"2604\">Les formacions centrades en aquest \u00e0mbit ajuden a comprendre com influeixen les emocions en la feina, com millorar la comunicaci\u00f3 dins dels equips i com afrontar situacions de pressi\u00f3 o conflicte de manera m\u00e9s constructiva.<\/p><p data-start=\"2606\" data-end=\"2692\">Treballar aquests aspectes permet construir organitzacions m\u00e9s saludables i resilients.<\/p>\t\t\t\t\t\t\t\t<\/div>\n\t\t\t\t<\/div>\n\t\t\t\t\t<\/div>\n\t\t\t\t<\/div>\n\t\t<div class=\"elementor-element elementor-element-17461b6 e-flex e-con-boxed e-con e-parent\" data-id=\"17461b6\" data-element_type=\"container\" data-e-type=\"container\" data-settings=\"{&quot;background_background&quot;:&quot;classic&quot;}\">\n\t\t\t\t\t<div class=\"e-con-inner\">\n\t\t<div class=\"elementor-element elementor-element-a1f14eb e-con-full e-flex e-con e-child\" data-id=\"a1f14eb\" data-element_type=\"container\" data-e-type=\"container\">\n\t\t\t\t<div class=\"elementor-element elementor-element-7bc6b99 elementor-widget elementor-widget-heading\" data-id=\"7bc6b99\" data-element_type=\"widget\" data-e-type=\"widget\" data-widget_type=\"heading.default\">\n\t\t\t\t\t<h4 class=\"elementor-heading-title elementor-size-default\">T\u2019agradaria organitzar una formaci\u00f3 a la teva empresa?<\/h4>\t\t\t\t<\/div>\n\t\t\t\t<div class=\"elementor-element elementor-element-5e1a550 elementor-widget elementor-widget-text-editor\" data-id=\"5e1a550\" data-element_type=\"widget\" data-e-type=\"widget\" data-widget_type=\"text-editor.default\">\n\t\t\t\t\t\t\t\t\t<p>Si formes part d\u2019una organitzaci\u00f3 o empresa interessada a millorar el lideratge, la comunicaci\u00f3 i el benestar dins dels equips, estar\u00e9 encantat d\u2019escoltar la teva proposta.<\/p>\t\t\t\t\t\t\t\t<\/div>\n\t\t\t\t<div class=\"elementor-element elementor-element-223e960 elementor-align-left elementor-widget elementor-widget-button\" data-id=\"223e960\" data-element_type=\"widget\" data-e-type=\"widget\" data-widget_type=\"button.default\">\n\t\t\t\t\t\t\t\t\t\t<a class=\"elementor-button elementor-button-link elementor-size-sm\" href=\"https:\/\/creixerjoancarles.com\/ca\/contacto\/\">\n\t\t\t\t\t\t<span class=\"elementor-button-content-wrapper\">\n\t\t\t\t\t\t\t\t\t<span class=\"elementor-button-text\">Parlem<\/span>\n\t\t\t\t\t<\/span>\n\t\t\t\t\t<\/a>\n\t\t\t\t\t\t\t\t<\/div>\n\t\t\t\t<\/div>\n\t\t\t\t\t<\/div>\n\t\t\t\t<\/div>\n\t\t\t\t<\/div>","protected":false},"excerpt":{"rendered":"<p>\u00c1mbito empresarial Liderazgo, comunicaci\u00f3n y bienestar emocional en las organizaciones Las organizaciones est\u00e1n formadas por personas. Por eso, el bienestar emocional, la comunicaci\u00f3n y la capacidad de liderazgo son elementos fundamentales para el buen funcionamiento de cualquier equipo. A trav\u00e9s de conferencias y formaciones dirigidas a empresas y organizaciones, trabajo con directivos y equipos profesionales [&hellip;]<\/p>\n","protected":false},"author":2,"featured_media":0,"parent":0,"menu_order":0,"comment_status":"closed","ping_status":"closed","template":"elementor_header_footer","meta":{"_joinchat":[],"footnotes":""},"class_list":["post-24","page","type-page","status-publish","hentry"],"yoast_head":"<!-- This site is optimized with the Yoast SEO plugin v27.1.1 - https:\/\/yoast.com\/product\/yoast-seo-wordpress\/ -->\n<title>\u00c1mbito empresarial - CreixerJoanCarles.Com<\/title>\n<meta name=\"robots\" content=\"index, follow, max-snippet:-1, max-image-preview:large, max-video-preview:-1\" \/>\n<link rel=\"canonical\" href=\"https:\/\/creixerjoancarles.com\/ca\/ambito-empresarial\/\" \/>\n<meta property=\"og:locale\" content=\"ca_ES\" \/>\n<meta property=\"og:type\" content=\"article\" \/>\n<meta property=\"og:title\" content=\"\u00c1mbito empresarial - CreixerJoanCarles.Com\" \/>\n<meta property=\"og:description\" content=\"\u00c1mbito empresarial Liderazgo, comunicaci\u00f3n y bienestar emocional en las organizaciones Las organizaciones est\u00e1n formadas por personas. Por eso, el bienestar emocional, la comunicaci\u00f3n y la capacidad de liderazgo son elementos fundamentales para el buen funcionamiento de cualquier equipo. A trav\u00e9s de conferencias y formaciones dirigidas a empresas y organizaciones, trabajo con directivos y equipos profesionales [&hellip;]\" \/>\n<meta property=\"og:url\" content=\"https:\/\/creixerjoancarles.com\/ca\/ambito-empresarial\/\" \/>\n<meta property=\"og:site_name\" content=\"CreixerJoanCarles.Com\" \/>\n<meta property=\"article:modified_time\" content=\"2026-03-08T20:22:09+00:00\" \/>\n<meta property=\"og:image\" content=\"https:\/\/creixerjoancarles.com\/wp-content\/uploads\/2026\/03\/Diseno-sin-titulo-14-4.webp\" \/>\n<meta name=\"twitter:card\" content=\"summary_large_image\" \/>\n<meta name=\"twitter:label1\" content=\"Temps estimat de lectura\" \/>\n\t<meta name=\"twitter:data1\" content=\"2 minuts\" \/>\n<script type=\"application\/ld+json\" class=\"yoast-schema-graph\">{\"@context\":\"https:\/\/schema.org\",\"@graph\":[{\"@type\":\"WebPage\",\"@id\":\"https:\/\/creixerjoancarles.com\/ambito-empresarial\/\",\"url\":\"https:\/\/creixerjoancarles.com\/ambito-empresarial\/\",\"name\":\"\u00c1mbito empresarial - CreixerJoanCarles.Com\",\"isPartOf\":{\"@id\":\"https:\/\/creixerjoancarles.com\/#website\"},\"primaryImageOfPage\":{\"@id\":\"https:\/\/creixerjoancarles.com\/ambito-empresarial\/#primaryimage\"},\"image\":{\"@id\":\"https:\/\/creixerjoancarles.com\/ambito-empresarial\/#primaryimage\"},\"thumbnailUrl\":\"https:\/\/creixerjoancarles.com\/wp-content\/uploads\/2026\/03\/Diseno-sin-titulo-14-4.webp\",\"datePublished\":\"2026-03-03T09:36:34+00:00\",\"dateModified\":\"2026-03-08T20:22:09+00:00\",\"breadcrumb\":{\"@id\":\"https:\/\/creixerjoancarles.com\/ambito-empresarial\/#breadcrumb\"},\"inLanguage\":\"ca\",\"potentialAction\":[{\"@type\":\"ReadAction\",\"target\":[\"https:\/\/creixerjoancarles.com\/ambito-empresarial\/\"]}]},{\"@type\":\"ImageObject\",\"inLanguage\":\"ca\",\"@id\":\"https:\/\/creixerjoancarles.com\/ambito-empresarial\/#primaryimage\",\"url\":\"https:\/\/creixerjoancarles.com\/wp-content\/uploads\/2026\/03\/Diseno-sin-titulo-14-4.webp\",\"contentUrl\":\"https:\/\/creixerjoancarles.com\/wp-content\/uploads\/2026\/03\/Diseno-sin-titulo-14-4.webp\"},{\"@type\":\"BreadcrumbList\",\"@id\":\"https:\/\/creixerjoancarles.com\/ambito-empresarial\/#breadcrumb\",\"itemListElement\":[{\"@type\":\"ListItem\",\"position\":1,\"name\":\"Portada\",\"item\":\"https:\/\/creixerjoancarles.com\/\"},{\"@type\":\"ListItem\",\"position\":2,\"name\":\"\u00c1mbito empresarial\"}]},{\"@type\":\"WebSite\",\"@id\":\"https:\/\/creixerjoancarles.com\/#website\",\"url\":\"https:\/\/creixerjoancarles.com\/\",\"name\":\"CreixerJoanCarles.Com\",\"description\":\"\",\"publisher\":{\"@id\":\"https:\/\/creixerjoancarles.com\/#organization\"},\"potentialAction\":[{\"@type\":\"SearchAction\",\"target\":{\"@type\":\"EntryPoint\",\"urlTemplate\":\"https:\/\/creixerjoancarles.com\/?s={search_term_string}\"},\"query-input\":{\"@type\":\"PropertyValueSpecification\",\"valueRequired\":true,\"valueName\":\"search_term_string\"}}],\"inLanguage\":\"ca\"},{\"@type\":\"Organization\",\"@id\":\"https:\/\/creixerjoancarles.com\/#organization\",\"name\":\"CreixerJoanCarles.Com\",\"url\":\"https:\/\/creixerjoancarles.com\/\",\"logo\":{\"@type\":\"ImageObject\",\"inLanguage\":\"ca\",\"@id\":\"https:\/\/creixerjoancarles.com\/#\/schema\/logo\/image\/\",\"url\":\"https:\/\/creixerjoancarles.com\/wp-content\/uploads\/2026\/03\/image.png\",\"contentUrl\":\"https:\/\/creixerjoancarles.com\/wp-content\/uploads\/2026\/03\/image.png\",\"width\":1188,\"height\":427,\"caption\":\"CreixerJoanCarles.Com\"},\"image\":{\"@id\":\"https:\/\/creixerjoancarles.com\/#\/schema\/logo\/image\/\"}}]}<\/script>\n<!-- \/ Yoast SEO plugin. -->","yoast_head_json":{"title":"\u00c1mbito empresarial - CreixerJoanCarles.Com","robots":{"index":"index","follow":"follow","max-snippet":"max-snippet:-1","max-image-preview":"max-image-preview:large","max-video-preview":"max-video-preview:-1"},"canonical":"https:\/\/creixerjoancarles.com\/ca\/ambito-empresarial\/","og_locale":"ca_ES","og_type":"article","og_title":"\u00c1mbito empresarial - CreixerJoanCarles.Com","og_description":"\u00c1mbito empresarial Liderazgo, comunicaci\u00f3n y bienestar emocional en las organizaciones Las organizaciones est\u00e1n formadas por personas. Por eso, el bienestar emocional, la comunicaci\u00f3n y la capacidad de liderazgo son elementos fundamentales para el buen funcionamiento de cualquier equipo. A trav\u00e9s de conferencias y formaciones dirigidas a empresas y organizaciones, trabajo con directivos y equipos profesionales [&hellip;]","og_url":"https:\/\/creixerjoancarles.com\/ca\/ambito-empresarial\/","og_site_name":"CreixerJoanCarles.Com","article_modified_time":"2026-03-08T20:22:09+00:00","og_image":[{"url":"https:\/\/creixerjoancarles.com\/wp-content\/uploads\/2026\/03\/Diseno-sin-titulo-14-4.webp","type":"","width":"","height":""}],"twitter_card":"summary_large_image","twitter_misc":{"Temps estimat de lectura":"2 minuts"},"schema":{"@context":"https:\/\/schema.org","@graph":[{"@type":"WebPage","@id":"https:\/\/creixerjoancarles.com\/ambito-empresarial\/","url":"https:\/\/creixerjoancarles.com\/ambito-empresarial\/","name":"\u00c1mbito empresarial - CreixerJoanCarles.Com","isPartOf":{"@id":"https:\/\/creixerjoancarles.com\/#website"},"primaryImageOfPage":{"@id":"https:\/\/creixerjoancarles.com\/ambito-empresarial\/#primaryimage"},"image":{"@id":"https:\/\/creixerjoancarles.com\/ambito-empresarial\/#primaryimage"},"thumbnailUrl":"https:\/\/creixerjoancarles.com\/wp-content\/uploads\/2026\/03\/Diseno-sin-titulo-14-4.webp","datePublished":"2026-03-03T09:36:34+00:00","dateModified":"2026-03-08T20:22:09+00:00","breadcrumb":{"@id":"https:\/\/creixerjoancarles.com\/ambito-empresarial\/#breadcrumb"},"inLanguage":"ca","potentialAction":[{"@type":"ReadAction","target":["https:\/\/creixerjoancarles.com\/ambito-empresarial\/"]}]},{"@type":"ImageObject","inLanguage":"ca","@id":"https:\/\/creixerjoancarles.com\/ambito-empresarial\/#primaryimage","url":"https:\/\/creixerjoancarles.com\/wp-content\/uploads\/2026\/03\/Diseno-sin-titulo-14-4.webp","contentUrl":"https:\/\/creixerjoancarles.com\/wp-content\/uploads\/2026\/03\/Diseno-sin-titulo-14-4.webp"},{"@type":"BreadcrumbList","@id":"https:\/\/creixerjoancarles.com\/ambito-empresarial\/#breadcrumb","itemListElement":[{"@type":"ListItem","position":1,"name":"Portada","item":"https:\/\/creixerjoancarles.com\/"},{"@type":"ListItem","position":2,"name":"\u00c1mbito empresarial"}]},{"@type":"WebSite","@id":"https:\/\/creixerjoancarles.com\/#website","url":"https:\/\/creixerjoancarles.com\/","name":"CreixerJoanCarles.Com","description":"","publisher":{"@id":"https:\/\/creixerjoancarles.com\/#organization"},"potentialAction":[{"@type":"SearchAction","target":{"@type":"EntryPoint","urlTemplate":"https:\/\/creixerjoancarles.com\/?s={search_term_string}"},"query-input":{"@type":"PropertyValueSpecification","valueRequired":true,"valueName":"search_term_string"}}],"inLanguage":"ca"},{"@type":"Organization","@id":"https:\/\/creixerjoancarles.com\/#organization","name":"CreixerJoanCarles.Com","url":"https:\/\/creixerjoancarles.com\/","logo":{"@type":"ImageObject","inLanguage":"ca","@id":"https:\/\/creixerjoancarles.com\/#\/schema\/logo\/image\/","url":"https:\/\/creixerjoancarles.com\/wp-content\/uploads\/2026\/03\/image.png","contentUrl":"https:\/\/creixerjoancarles.com\/wp-content\/uploads\/2026\/03\/image.png","width":1188,"height":427,"caption":"CreixerJoanCarles.Com"},"image":{"@id":"https:\/\/creixerjoancarles.com\/#\/schema\/logo\/image\/"}}]}},"_links":{"self":[{"href":"https:\/\/creixerjoancarles.com\/ca\/wp-json\/wp\/v2\/pages\/24","targetHints":{"allow":["GET"]}}],"collection":[{"href":"https:\/\/creixerjoancarles.com\/ca\/wp-json\/wp\/v2\/pages"}],"about":[{"href":"https:\/\/creixerjoancarles.com\/ca\/wp-json\/wp\/v2\/types\/page"}],"author":[{"embeddable":true,"href":"https:\/\/creixerjoancarles.com\/ca\/wp-json\/wp\/v2\/users\/2"}],"replies":[{"embeddable":true,"href":"https:\/\/creixerjoancarles.com\/ca\/wp-json\/wp\/v2\/comments?post=24"}],"version-history":[{"count":55,"href":"https:\/\/creixerjoancarles.com\/ca\/wp-json\/wp\/v2\/pages\/24\/revisions"}],"predecessor-version":[{"id":472,"href":"https:\/\/creixerjoancarles.com\/ca\/wp-json\/wp\/v2\/pages\/24\/revisions\/472"}],"wp:attachment":[{"href":"https:\/\/creixerjoancarles.com\/ca\/wp-json\/wp\/v2\/media?parent=24"}],"curies":[{"name":"wp","href":"https:\/\/api.w.org\/{rel}","templated":true}]}}